{"id":222,"date":"2025-01-16T12:58:02","date_gmt":"2025-01-16T11:58:02","guid":{"rendered":"https:\/\/www.brychta-figurky.cz\/?page_id=222"},"modified":"2025-03-17T13:52:59","modified_gmt":"2025-03-17T12:52:59","slug":"jaroslav-brychta","status":"publish","type":"page","link":"https:\/\/www.brychta-figurky.cz\/index.php\/jaroslav-brychta\/","title":{"rendered":"Jaroslav Brychta"},"content":{"rendered":"\t\t<div data-elementor-type=\"wp-page\" data-elementor-id=\"222\" class=\"elementor elementor-222\">\n\t\t\t\t<div class=\"elementor-element elementor-element-33ded19 e-flex e-con-boxed e-con e-parent\" data-id=\"33ded19\" data-element_type=\"container\">\n\t\t\t\t\t<div class=\"e-con-inner\">\n\t\t\t\t<div class=\"elementor-element elementor-element-01cd0bd elementor-widget elementor-widget-text-editor\" data-id=\"01cd0bd\" data-element_type=\"widget\" data-widget_type=\"text-editor.default\">\n\t\t\t\t<div class=\"elementor-widget-container\">\n\t\t\t\t\t\t\t\t\t<p data-sourcepos=\"3:1-3:80\"><strong>Jaroslav Brychta a \u017deleznobrodsk\u00e1 skl\u00e1rna \u2013 kol\u00e9bka \u010desk\u00e9ho skl\u00e1\u0159sk\u00e9ho um\u011bn\u00ed<\/strong><\/p><p data-sourcepos=\"5:1-5:261\">Jaroslav Brychta, v\u00fdznamn\u00fd \u010desk\u00fd socha\u0159 a pedagog, zanechal nesmazateln\u00fd otisk na historii \u010desk\u00e9ho skl\u00e1\u0159stv\u00ed. Jeho tv\u016fr\u010d\u00ed \u010dinnost a pedagogick\u00e9 p\u016fsoben\u00ed v \u017delezn\u00e9m Brod\u011b p\u0159isp\u011bly k rozvoji tohoto tradi\u010dn\u00edho \u0159emesla a jeho prom\u011bn\u011b v modern\u00ed um\u011bleckou discipl\u00ednu.<\/p><p data-sourcepos=\"7:1-7:260\">\u017deleznobrodsk\u00e1 skl\u00e1rna, ve kter\u00e9 Brychta p\u016fsobil, byla a st\u00e1le je jedn\u00edm z nejv\u00fdznamn\u011bj\u0161\u00edch center skl\u00e1\u0159sk\u00e9ho um\u011bn\u00ed v \u010cesk\u00e9 republice. Pr\u00e1v\u011b zde se zrodily mnoh\u00e9 inovativn\u00ed techniky a designov\u00e9 sm\u011bry, kter\u00e9 ovlivnily skl\u00e1\u0159stv\u00ed nejen v \u010cesku, ale i v zahrani\u010d\u00ed.<\/p><p data-sourcepos=\"9:1-9:52\"><strong>Jaroslav Brychta \u2013 pr\u016fkopn\u00edk modern\u00edho skl\u00e1\u0159stv\u00ed<\/strong><\/p><ul data-sourcepos=\"11:1-14:0\"><li data-sourcepos=\"11:1-11:247\"><strong>Pedagogick\u00e9 p\u016fsoben\u00ed:<\/strong> Brychta p\u016fsobil jako profesor na St\u0159edn\u00ed skl\u00e1\u0159sk\u00e9 \u0161kole v \u017delezn\u00e9m Brod\u011b, kde v\u00fdrazn\u011b ovlivnil celou generaci skl\u00e1\u0159\u016f. Jeho p\u0159\u00edstup k v\u00fduce spo\u010d\u00edval v propojen\u00ed tradi\u010dn\u00edch skl\u00e1\u0159sk\u00fdch technik s modern\u00edmi um\u011bleck\u00fdmi sm\u011bry.<\/li><li data-sourcepos=\"12:1-12:215\"><strong>Autorsk\u00e1 tvorba:<\/strong> Krom\u011b pedagogick\u00e9 \u010dinnosti se Brychta v\u011bnoval i vlastn\u00ed tvorb\u011b. Jeho sklen\u011bn\u00e9 figurky, \u010dasto inspirovan\u00e9 lidovou kulturou a p\u0159\u00edrodou, se vyzna\u010duj\u00ed osobit\u00fdm stylem a vysokou um\u011bleckou hodnotou.<\/li><li data-sourcepos=\"13:1-14:0\"><strong>V\u00fdznam pro \u017deleznobrodskou skl\u00e1rnu:<\/strong> Brychta <span class=\"citation-0 citation-end-0 interactive-span-selected-v2\">st\u00e1l na po\u010d\u00e1tku prom\u011bny skl\u00e1\u0159sk\u00e9 pr\u00e1ce ve 20. a 30. letech, kdy se sklo stalo materi\u00e1lem pro origin\u00e1ln\u00ed um\u011bleckou tvorbu. Jeho <\/span> pr\u00e1ce p\u0159isp\u011bla k tomu, \u017ee \u017deleznobrodsk\u00e1 skl\u00e1rna se stala synonymem pro kvalitn\u00ed a origin\u00e1ln\u00ed skl\u00e1\u0159sk\u00e9 v\u00fdrobky.<span class=\"button-container hide-from-message-actions ng-star-inserted\"> \u00a0 <\/span><\/li><li data-sourcepos=\"13:1-14:0\"><p>Jaroslav Brychta (1895-1971) byl \u010desk\u00fd socha\u0159 a skl\u00e1\u0159sk\u00fd um\u011blec, kter\u00fd se proslavil zejm\u00e9na sv\u00fdmi sklen\u011bn\u00fdmi figurkami. S\u00e1m Jaroslav Brychta se jako pedagog na St\u00e1tn\u00ed odborn\u00e9 \u0161kole skl\u00e1\u0159sk\u00e9 v \u017delezn\u00e9m Brod\u011b zam\u011b\u0159oval na v\u00fduku tvorby sklen\u011bn\u00fdch figurek. P\u0159i sv\u00e9 pr\u00e1ci se zam\u011b\u0159oval na v\u00fdrobu figurek tah\u00e1n\u00edm a fouk\u00e1n\u00edm nad kahanem, pozd\u011bji modeloval ze \u017ehav\u00e9ho skla. D\u00edla Jaroslava Brychty dnes m\u016f\u017eete naj\u00edt i v nab\u00eddce \u010desk\u00fdch staro\u017eitnictv\u00ed, galeri\u00ed \u010di auk\u010dn\u00edch s\u00edn\u00ed,\u00a0 Jaroslav Brychta je tak\u00e9 pova\u017eov\u00e1n za pr\u016fkopn\u00edka \u010desk\u00e9 plastiky z taven\u00e9ho skla. V tomto odv\u011btv\u00ed pak pokra\u010dovala jeho dcera Jaroslava, kter\u00e1 se rovn\u011b\u017e stala v\u00fdznamnou \u010deskou skl\u00e1\u0159skou um\u011blkyn\u00ed.<\/p><p>Brychta se specializoval na portr\u00e9tn\u00ed plastiku a drobn\u00e9 dekorativn\u00ed sklo. Jeho sklen\u011bn\u00e9 figurky byly velmi obl\u00edben\u00e9 a \u010dasto slou\u017eily jako d\u011btsk\u00e9 hra\u010dky<br \/>V \u017delezn\u00e9m Brod\u011b, m\u011bst\u011b s bohatou skl\u00e1\u0159skou tradic\u00ed, Brychta zavedl a rozv\u00edjel v\u00fdrobu sklen\u011bn\u00fdch figurek. Je pova\u017eov\u00e1n za duchovn\u00edho otce \u017eeleznobrodsk\u00fdch figurek, kter\u00e9 se vyr\u00e1b\u011bly technikou hutn\u00edho tvarov\u00e1n\u00ed barevn\u00e9ho skla nad plamenem.<\/p><p><strong>Mezi jeho spolupracovn\u00edky<\/strong> pat\u0159ili dal\u0161\u00ed v\u00fdznamn\u00ed skl\u00e1\u0159\u0161t\u00ed v\u00fdtvarn\u00edci, kte\u0159\u00ed pokra\u010dovali v tradici v\u00fdroby sklen\u011bn\u00fdch figurek v \u017delezn\u00e9m Brod\u011b. Nap\u0159\u00edklad <strong>Karel Sobotka<\/strong>, oce\u0148ovan\u00fd um\u011bleck\u00fd skl\u00e1\u0159, tvo\u0159\u00ed foukan\u00e9 a malovan\u00e9 sklo a nab\u00edz\u00ed sklen\u011bn\u00e9 foukan\u00e9 figurky s dlouholetou tradic\u00ed.<br \/>sklenene-foukane-figurky.cz<br \/>Dal\u0161\u00edm pokra\u010dovatelem je <strong>Zden\u011bk Sochor,<\/strong> kter\u00fd vyr\u00e1b\u00ed sklen\u011bn\u00e9 figurky jako Krakono\u0161e, \u0160vejky, ryb\u00e1\u0159e \u010di doktory a na individu\u00e1ln\u00ed popt\u00e1vku je schopen vytvo\u0159it prakticky cokoliv.<br \/>sklenene-figury.cz<\/p><p>V sou\u010dasn\u00e9 dob\u011b se skl\u00e1\u0159sk\u00e1 v\u00fdroba v \u017delezn\u00e9m Brod\u011b soust\u0159ed\u00ed do v\u011bt\u0161\u00edch i men\u0161\u00edch soukrom\u00fdch firem. Ve m\u011bst\u011b a jeho okol\u00ed p\u016fsob\u00ed v\u00edce ne\u017e \u010dty\u0159i des\u00edtky v\u00fdrobc\u016f a zu\u0161lech\u0165ovatel\u016f skla, kte\u0159\u00ed reprezentuj\u00ed v\u011bt\u0161inu skl\u00e1\u0159sk\u00fdch obor\u016f, od v\u00fdroby jednoduch\u00fdch ma\u010dkan\u00fdch perl\u00ed a\u017e po n\u00e1ro\u010dn\u00e9 realizace um\u011bleck\u00fdch objekt\u016f.<br \/>zeleznybrod.cz<\/p><p>Brychta tak\u00e9 p\u016fsobil jako pedagog a sv\u00e9 zku\u0161enosti p\u0159ed\u00e1val dal\u0161\u00edm generac\u00edm skl\u00e1\u0159\u016f, \u010d\u00edm\u017e v\u00fdznamn\u011b ovlivnil v\u00fdvoj skl\u00e1\u0159sk\u00e9ho um\u011bn\u00ed v regionu.<br \/>Jeho pr\u00e1ce jsou dodnes cen\u011bny sb\u011brateli i milovn\u00edky skl\u00e1\u0159sk\u00e9ho um\u011bn\u00ed a jeho odkaz \u017eije d\u00e1l d\u00edky pokra\u010dovatel\u016fm jeho um\u011bn\u00ed v \u017delezn\u00e9m Brod\u011b.<\/p><p>V \u017delezn\u00e9m Brod\u011b a jeho okol\u00ed p\u016fsobilo do roku 1990 n\u011bkolik v\u00fdznamn\u00fdch skl\u00e1\u0159\u016f a v\u00fdtvarn\u00edk\u016f specializuj\u00edc\u00edch se na v\u00fdrobu sklen\u011bn\u00fdch figurek. Krom\u011b ji\u017e zm\u00edn\u011bn\u00e9ho Jaroslava Brychty lze uv\u00e9st n\u00e1sleduj\u00edc\u00ed osobnosti:<br \/>* Ji\u0159ina \u0160trynclov\u00e1: Skl\u00e1\u0159sk\u00e1 v\u00fdtvarnice, kter\u00e1 se sklem pracuje od d\u011btstv\u00ed a pokra\u010duje v t\u00e9to tradici i v d\u016fchodov\u00e9m v\u011bku. \u2028<br \/>* <strong>Karel Sobotka<\/strong>: Od roku 1974 vyr\u00e1b\u00ed foukan\u00e9 sklen\u011bn\u00e9 figurky z barevn\u00e9ho skla. Jeho pr\u00e1ce zahrnuj\u00ed v\u00e1no\u010dn\u00ed ozdoby, velikono\u010dn\u00ed kraslice a dal\u0161\u00ed dekorativn\u00ed p\u0159edm\u011bty. V roce 2013 z\u00edskal ocen\u011bn\u00ed \u017divnostn\u00edk roku. \u2028<br \/>* <strong>Ivo Burian<\/strong> (1939\u20132016): Absolvent \u017eeleznobrodsk\u00e9 skl\u00e1\u0159sk\u00e9 \u0161koly a Vysok\u00e9 \u0161koly um\u011bleckopr\u016fmyslov\u00e9 v Praze. Specializoval se na malbu na sklo a \u0161perky s vyu\u017eit\u00edm \u017eeleznobrodsk\u00e9 b\u0159idlice, za n\u011b\u017e z\u00edskal v\u00fdznamn\u00e1 ocen\u011bn\u00ed.\u2028<br \/>* <strong>Josef Draho\u0148ovsk\u00fd<\/strong> (1877\u20131938): Socha\u0159 a glyptik, kter\u00fd se v\u00fdznamn\u011b pod\u00edlel na rozvoji skl\u00e1\u0159sk\u00e9ho um\u011bn\u00ed v \u017delezn\u00e9m Brod\u011b.<br \/>* <strong>Ladislav P\u0159enosil<\/strong> (1902\u20131980): Skl\u00e1\u0159sk\u00fd v\u00fdtvarn\u00edk a pedagog, kter\u00fd p\u016fsobil na skl\u00e1\u0159sk\u00e9 \u0161kole v \u017delezn\u00e9m Brod\u011b a specializoval se na tavenou plastiku a sklen\u011bn\u00e9 figurky.<br \/>* <strong>Jaroslav Svoboda<\/strong> (1938\u20132020): Skl\u00e1\u0159sk\u00fd v\u00fdtvarn\u00edk, kter\u00fd v 60. a 70. letech 20. stolet\u00ed p\u016fsobil v \u017delezn\u00e9m Brod\u011b a v\u011bnoval se tvorb\u011b sklen\u011bn\u00fdch plastik a figurek.<br \/>* <strong>Stanislav Libensk\u00fd<\/strong> (1921\u20132002): V\u00fdznamn\u00fd skl\u00e1\u0159sk\u00fd v\u00fdtvarn\u00edk a pedagog, kter\u00fd p\u016fsobil na skl\u00e1\u0159sk\u00e9 \u0161kole v \u017delezn\u00e9m Brod\u011b a ovlivnil mnoho dal\u0161\u00edch um\u011blc\u016f v oblasti sklen\u011bn\u00e9 plastiky a figur\u00e1ln\u00ed tvorby.<br \/>* <strong>Jaroslava Brychtov\u00e1<\/strong> (1924\u20132020): Skl\u00e1\u0159sk\u00e1 v\u00fdtvarnice a pedago\u017eka, dcera Jaroslava Brychty. Spole\u010dn\u011b se sv\u00fdm man\u017eelem <strong>Stanislavem Libensk\u00fdm<\/strong> vytvo\u0159ila mnoho v\u00fdznamn\u00fdch sklen\u011bn\u00fdch plastik a pod\u00edlela se na rozvoji skl\u00e1\u0159sk\u00e9ho um\u011bn\u00ed v \u017delezn\u00e9m Brod\u011b.<br \/>* <strong>Vladim\u00edr Jel\u00ednek<\/strong> (1923\u20131997): Skl\u00e1\u0159sk\u00fd v\u00fdtvarn\u00edk a pedagog, kter\u00fd p\u016fsobil na St\u0159edn\u00ed um\u011bleckopr\u016fmyslov\u00e9 \u0161kole skl\u00e1\u0159sk\u00e9 v \u017delezn\u00e9m Brod\u011b. Specializoval se na tavenou plastiku a sklen\u011bn\u00e9 figurky.<br \/>* <strong>Old\u0159ich \u017d\u00e1k<\/strong> (1927\u20132006): Skl\u00e1\u0159sk\u00fd v\u00fdtvarn\u00edk a pedagog, kter\u00fd se v\u011bnoval tvorb\u011b sklen\u011bn\u00fdch figurek a plastik. P\u016fsobil na skl\u00e1\u0159sk\u00e9 \u0161kole v \u017delezn\u00e9m Brod\u011b a ovlivnil mnoho dal\u0161\u00edch um\u011blc\u016f v oblasti skl\u00e1\u0159sk\u00e9ho um\u011bn\u00ed.<br \/>* <strong>Franti\u0161ek V\u00edzner<\/strong> (1936\u20132011): Skl\u00e1\u0159sk\u00fd v\u00fdtvarn\u00edk, kter\u00fd se zam\u011b\u0159oval na tvorbu sklen\u011bn\u00fdch objekt\u016f a figurek. Jeho pr\u00e1ce byly vystavov\u00e1ny na mnoha mezin\u00e1rodn\u00edch v\u00fdstav\u00e1ch a z\u00edskaly \u0159adu ocen\u011bn\u00ed.<\/p><p>* <strong>Ji\u0159\u00ed \u0160uh\u00e1jek<\/strong> (1943\u20132020): Skl\u00e1\u0159sk\u00fd v\u00fdtvarn\u00edk a design\u00e9r, kter\u00fd p\u016fsobil v \u017delezn\u00e9m Brod\u011b a v\u011bnoval se tvorb\u011b sklen\u011bn\u00fdch figurek a plastik. Jeho pr\u00e1ce jsou cen\u011bny pro svou originalitu a inovativn\u00ed p\u0159\u00edstup.<br \/>* <strong>Pavel Hlava<\/strong> (1924\u20132003): Skl\u00e1\u0159sk\u00fd v\u00fdtvarn\u00edk, kter\u00fd se zab\u00fdval tvorbou sklen\u011bn\u00fdch figurek a objekt\u016f. P\u016fsobil v \u017delezn\u00e9m Brod\u011b a jeho pr\u00e1ce byly vystavov\u00e1ny na mnoha v\u00fdstav\u00e1ch doma i v zahrani\u010d\u00ed.<br \/>* <strong>Vladim\u00edr Kopeck\u00fd<\/strong> (*1931): Skl\u00e1\u0159sk\u00fd v\u00fdtvarn\u00edk a mal\u00ed\u0159, kter\u00fd p\u016fsobil v \u017delezn\u00e9m Brod\u011b a v\u011bnoval se tvorb\u011b sklen\u011bn\u00fdch figurek a objekt\u016f. Jeho pr\u00e1ce jsou charakteristick\u00e9 experiment\u00e1ln\u00edm p\u0159\u00edstupem a inovativn\u00edm designem.<br \/>* <strong>Karel Wunsch<\/strong> (1900\u20131980): Skl\u00e1\u0159sk\u00fd v\u00fdtvarn\u00edk a pedagog, kter\u00fd p\u016fsobil na St\u0159edn\u00ed um\u011bleckopr\u016fmyslov\u00e9 \u0161kole skl\u00e1\u0159sk\u00e9 v \u017delezn\u00e9m Brod\u011b. Specializoval se na hutn\u011b tvarovan\u00e9 sklo a sklen\u011bn\u00e9 figurky.<br \/>* <strong>V\u00e1clav Hanu\u0161<\/strong> (1924\u20132009): Skl\u00e1\u0159sk\u00fd v\u00fdtvarn\u00edk a pedagog, kter\u00fd se v\u011bnoval tvorb\u011b sklen\u011bn\u00fdch figurek a plastik. P\u016fsobil na skl\u00e1\u0159sk\u00e9 \u0161kole v \u017delezn\u00e9m Brod\u011b a ovlivnil mnoho student\u016f sv\u00fdm p\u0159\u00edstupem k \u0159emeslu.<br \/>* <strong>Milan Handl<\/strong> (*1946): Skl\u00e1\u0159sk\u00fd v\u00fdtvarn\u00edk, kter\u00fd se zam\u011b\u0159uje na tvorbu sklen\u011bn\u00fdch objekt\u016f a figurek. Jeho pr\u00e1ce jsou charakteristick\u00e9 inovativn\u00edm designem a experimentov\u00e1n\u00edm s technikami.<br \/>* <strong>Ji\u0159\u00ed Harcuba<\/strong> (1928\u20132013): Skl\u00e1\u0159sk\u00fd v\u00fdtvarn\u00edk a rytec, kter\u00fd p\u016fsobil v \u017delezn\u00e9m Brod\u011b a v\u011bnoval se tvorb\u011b sklen\u011bn\u00fdch medail\u00ed, plastik a portr\u00e9t\u016f. Jeho pr\u00e1ce jsou cen\u011bny pro svou preciznost a um\u011bleckou hodnotu.<br \/>* <strong>Bohumil Eli\u00e1\u0161<\/strong> (1937\u20132005): Skl\u00e1\u0159sk\u00fd v\u00fdtvarn\u00edk a mal\u00ed\u0159, kter\u00fd se zab\u00fdval tvorbou sklen\u011bn\u00fdch objekt\u016f a figurek. Jeho d\u00edla jsou zn\u00e1m\u00e1 svou originalitou a propojen\u00edm skla s malbou.<br \/><span style=\"text-decoration: underline;\"><strong>Ale, Vil\u00e9m Dostra\u0161il a Miloslav Jank\u016f<\/strong><\/span> pat\u0159\u00ed mezi v\u00fdznamn\u00e9 skl\u00e1\u0159sk\u00e9 v\u00fdtvarn\u00edky, kte\u0159\u00ed se v \u017delezn\u00e9m Brod\u011b v\u011bnovali tvorb\u011b sklen\u011bn\u00fdch figurek v obdob\u00ed let 1930 a\u017e 1980.<br \/>Vil\u00e9m Dostra\u0161il (1926\u20132004) byl absolventem St\u0159edn\u00ed um\u011bleckopr\u016fmyslov\u00e9 \u0161koly skl\u00e1\u0159sk\u00e9 v \u017delezn\u00e9m Brod\u011b a n\u00e1sledn\u011b Um\u011bleckopr\u016fmyslov\u00e9 \u0161koly v Praze. V roce 1963 nastoupil jako pedagog na \u017eeleznobrodskou skl\u00e1\u0159skou \u0161kolu, kde vedl odd\u011blen\u00ed sklen\u011bn\u00fdch figurek a nav\u00e1zal na pr\u00e1ci profesora Jaroslava Brychty. Sv\u00fdm origin\u00e1ln\u00edm p\u0159\u00edstupem obohatil tvorbu sklen\u011bn\u00fdch figurek a zas\u00e1hl tak\u00e9 do oblast\u00ed hutn\u00edho skla, taven\u00e9 sklen\u011bn\u00e9 plastiky a sklen\u011bn\u00e9 mozaiky.<br \/><span style=\"text-decoration: underline;\"><strong>Miloslav Jank\u016f<\/strong> <\/span>(1925\u20132007) p\u016fsobil v letech 1963\u20131976 ve spole\u010dnosti \u017deleznobrodsk\u00e9 sklo, kde navrhoval vinut\u00e9, foukan\u00e9 a hutn\u00ed figurky a plastiky. N\u011bkter\u00e9 z jeho n\u00e1vrh\u016f se vyr\u00e1b\u011bly a\u017e do 90. let. Spolupracoval s \u0159adou skl\u00e1\u0159\u016f, jako byli <strong>Miroslav Hlav\u00e1\u010d, Josef Pivrnec, Josef B\u00e1rta, Josef Pat\u0159i\u010dn\u00fd, V\u00edt\u011bzslav Petr, Miloslav Matura, Jaroslav Balatka, Josef Kopal, Vladim\u00edr Sochor, Jaroslav \u0160ulc a Franti\u0161ek Zeman.<\/strong><\/p><p>V\u0161ichni tito um\u011blci v\u00fdznamn\u011b p\u0159isp\u011bli k rozvoji a udr\u017een\u00ed tradice v\u00fdroby sklen\u011bn\u00fdch figurek v \u017delezn\u00e9m Brod\u011b.<\/p><\/li><\/ul><p>a<\/p>\t\t\t\t\t\t\t\t<\/div>\n\t\t\t\t<\/div>\n\t\t\t\t\t<\/div>\n\t\t\t\t<\/div>\n\t\t\t\t<\/div>\n\t\t","protected":false},"excerpt":{"rendered":"<p>Jaroslav Brychta a \u017deleznobrodsk\u00e1 skl\u00e1rna \u2013 kol\u00e9bka \u010desk\u00e9ho skl\u00e1\u0159sk\u00e9ho um\u011bn\u00ed Jaroslav Brychta, v\u00fdznamn\u00fd \u010desk\u00fd socha\u0159 a pedagog, zanechal nesmazateln\u00fd otisk na historii \u010desk\u00e9ho skl\u00e1\u0159stv\u00ed. Jeho tv\u016fr\u010d\u00ed \u010dinnost a pedagogick\u00e9 p\u016fsoben\u00ed v \u017delezn\u00e9m Brod\u011b p\u0159isp\u011bly k rozvoji tohoto tradi\u010dn\u00edho \u0159emesla a jeho prom\u011bn\u011b v modern\u00ed um\u011bleckou discipl\u00ednu. \u017deleznobrodsk\u00e1 skl\u00e1rna, ve kter\u00e9 Brychta p\u016fsobil, byla a st\u00e1le [&hellip;]<\/p>\n","protected":false},"author":1,"featured_media":0,"parent":0,"menu_order":0,"comment_status":"closed","ping_status":"closed","template":"","meta":{"footnotes":""},"class_list":["post-222","page","type-page","status-publish","hentry"],"yoast_head":"<!-- This site is optimized with the Yoast SEO plugin v26.2 - https:\/\/yoast.com\/wordpress\/plugins\/seo\/ -->\n<title>Jaroslav Brychta - Jaroslav Brychta, sklen\u011bn\u00e9 figurky<\/title>\n<meta name=\"robots\" content=\"index, follow, max-snippet:-1, max-image-preview:large, max-video-preview:-1\" \/>\n<link rel=\"canonical\" href=\"https:\/\/www.brychta-figurky.cz\/index.php\/jaroslav-brychta\/\" \/>\n<meta property=\"og:locale\" content=\"cs_CZ\" \/>\n<meta property=\"og:type\" content=\"article\" \/>\n<meta property=\"og:title\" content=\"Jaroslav Brychta - Jaroslav Brychta, sklen\u011bn\u00e9 figurky\" \/>\n<meta property=\"og:description\" content=\"Jaroslav Brychta a \u017deleznobrodsk\u00e1 skl\u00e1rna \u2013 kol\u00e9bka \u010desk\u00e9ho skl\u00e1\u0159sk\u00e9ho um\u011bn\u00ed Jaroslav Brychta, v\u00fdznamn\u00fd \u010desk\u00fd socha\u0159 a pedagog, zanechal nesmazateln\u00fd otisk na historii \u010desk\u00e9ho skl\u00e1\u0159stv\u00ed. Jeho tv\u016fr\u010d\u00ed \u010dinnost a pedagogick\u00e9 p\u016fsoben\u00ed v \u017delezn\u00e9m Brod\u011b p\u0159isp\u011bly k rozvoji tohoto tradi\u010dn\u00edho \u0159emesla a jeho prom\u011bn\u011b v modern\u00ed um\u011bleckou discipl\u00ednu. \u017deleznobrodsk\u00e1 skl\u00e1rna, ve kter\u00e9 Brychta p\u016fsobil, byla a st\u00e1le [&hellip;]\" \/>\n<meta property=\"og:url\" content=\"https:\/\/www.brychta-figurky.cz\/index.php\/jaroslav-brychta\/\" \/>\n<meta property=\"og:site_name\" content=\"Jaroslav Brychta, sklen\u011bn\u00e9 figurky\" \/>\n<meta property=\"article:modified_time\" content=\"2025-03-17T12:52:59+00:00\" \/>\n<meta property=\"og:image\" content=\"https:\/\/www.brychta-figurky.cz\/wp-content\/uploads\/2025\/01\/P1280735-scaled.jpg\" \/>\n\t<meta property=\"og:image:width\" content=\"2560\" \/>\n\t<meta property=\"og:image:height\" content=\"1445\" \/>\n\t<meta property=\"og:image:type\" content=\"image\/jpeg\" \/>\n<meta name=\"twitter:card\" content=\"summary_large_image\" \/>\n<meta name=\"twitter:label1\" content=\"Odhadovan\u00e1 doba \u010dten\u00ed\" \/>\n\t<meta name=\"twitter:data1\" content=\"7 minut\" \/>\n<script type=\"application\/ld+json\" class=\"yoast-schema-graph\">{\"@context\":\"https:\/\/schema.org\",\"@graph\":[{\"@type\":\"WebPage\",\"@id\":\"https:\/\/www.brychta-figurky.cz\/index.php\/jaroslav-brychta\/\",\"url\":\"https:\/\/www.brychta-figurky.cz\/index.php\/jaroslav-brychta\/\",\"name\":\"Jaroslav Brychta - Jaroslav Brychta, sklen\u011bn\u00e9 figurky\",\"isPartOf\":{\"@id\":\"https:\/\/www.brychta-figurky.cz\/#website\"},\"datePublished\":\"2025-01-16T11:58:02+00:00\",\"dateModified\":\"2025-03-17T12:52:59+00:00\",\"breadcrumb\":{\"@id\":\"https:\/\/www.brychta-figurky.cz\/index.php\/jaroslav-brychta\/#breadcrumb\"},\"inLanguage\":\"cs\",\"potentialAction\":[{\"@type\":\"ReadAction\",\"target\":[\"https:\/\/www.brychta-figurky.cz\/index.php\/jaroslav-brychta\/\"]}]},{\"@type\":\"BreadcrumbList\",\"@id\":\"https:\/\/www.brychta-figurky.cz\/index.php\/jaroslav-brychta\/#breadcrumb\",\"itemListElement\":[{\"@type\":\"ListItem\",\"position\":1,\"name\":\"Dom\u016f\",\"item\":\"https:\/\/www.brychta-figurky.cz\/\"},{\"@type\":\"ListItem\",\"position\":2,\"name\":\"Jaroslav Brychta\"}]},{\"@type\":\"WebSite\",\"@id\":\"https:\/\/www.brychta-figurky.cz\/#website\",\"url\":\"https:\/\/www.brychta-figurky.cz\/\",\"name\":\"Jaroslav Brychta sklen\u011bn\u00e9 figurky\",\"description\":\"Jaroslav Brychta, sklen\u011bn\u00e9 figurky\",\"publisher\":{\"@id\":\"https:\/\/www.brychta-figurky.cz\/#\/schema\/person\/b05b0d702c6b230b84e40bb33f4a6745\"},\"alternateName\":\"Jaroslav Brychta, sklen\u011bn\u00e9 figurky\",\"potentialAction\":[{\"@type\":\"SearchAction\",\"target\":{\"@type\":\"EntryPoint\",\"urlTemplate\":\"https:\/\/www.brychta-figurky.cz\/?s={search_term_string}\"},\"query-input\":{\"@type\":\"PropertyValueSpecification\",\"valueRequired\":true,\"valueName\":\"search_term_string\"}}],\"inLanguage\":\"cs\"},{\"@type\":[\"Person\",\"Organization\"],\"@id\":\"https:\/\/www.brychta-figurky.cz\/#\/schema\/person\/b05b0d702c6b230b84e40bb33f4a6745\",\"name\":\"ameriko\",\"image\":{\"@type\":\"ImageObject\",\"inLanguage\":\"cs\",\"@id\":\"https:\/\/www.brychta-figurky.cz\/#\/schema\/person\/image\/\",\"url\":\"https:\/\/www.brychta-figurky.cz\/wp-content\/uploads\/2024\/12\/IMG_2916-ve-velke-velikosti-1.jpeg\",\"contentUrl\":\"https:\/\/www.brychta-figurky.cz\/wp-content\/uploads\/2024\/12\/IMG_2916-ve-velke-velikosti-1.jpeg\",\"width\":1280,\"height\":960,\"caption\":\"ameriko\"},\"logo\":{\"@id\":\"https:\/\/www.brychta-figurky.cz\/#\/schema\/person\/image\/\"},\"sameAs\":[\"https:\/\/www.brychta-figurky.cz\"]}]}<\/script>\n<!-- \/ Yoast SEO plugin. -->","yoast_head_json":{"title":"Jaroslav Brychta - Jaroslav Brychta, sklen\u011bn\u00e9 figurky","robots":{"index":"index","follow":"follow","max-snippet":"max-snippet:-1","max-image-preview":"max-image-preview:large","max-video-preview":"max-video-preview:-1"},"canonical":"https:\/\/www.brychta-figurky.cz\/index.php\/jaroslav-brychta\/","og_locale":"cs_CZ","og_type":"article","og_title":"Jaroslav Brychta - Jaroslav Brychta, sklen\u011bn\u00e9 figurky","og_description":"Jaroslav Brychta a \u017deleznobrodsk\u00e1 skl\u00e1rna \u2013 kol\u00e9bka \u010desk\u00e9ho skl\u00e1\u0159sk\u00e9ho um\u011bn\u00ed Jaroslav Brychta, v\u00fdznamn\u00fd \u010desk\u00fd socha\u0159 a pedagog, zanechal nesmazateln\u00fd otisk na historii \u010desk\u00e9ho skl\u00e1\u0159stv\u00ed. Jeho tv\u016fr\u010d\u00ed \u010dinnost a pedagogick\u00e9 p\u016fsoben\u00ed v \u017delezn\u00e9m Brod\u011b p\u0159isp\u011bly k rozvoji tohoto tradi\u010dn\u00edho \u0159emesla a jeho prom\u011bn\u011b v modern\u00ed um\u011bleckou discipl\u00ednu. \u017deleznobrodsk\u00e1 skl\u00e1rna, ve kter\u00e9 Brychta p\u016fsobil, byla a st\u00e1le [&hellip;]","og_url":"https:\/\/www.brychta-figurky.cz\/index.php\/jaroslav-brychta\/","og_site_name":"Jaroslav Brychta, sklen\u011bn\u00e9 figurky","article_modified_time":"2025-03-17T12:52:59+00:00","og_image":[{"width":2560,"height":1445,"url":"https:\/\/www.brychta-figurky.cz\/wp-content\/uploads\/2025\/01\/P1280735-scaled.jpg","type":"image\/jpeg"}],"twitter_card":"summary_large_image","twitter_misc":{"Odhadovan\u00e1 doba \u010dten\u00ed":"7 minut"},"schema":{"@context":"https:\/\/schema.org","@graph":[{"@type":"WebPage","@id":"https:\/\/www.brychta-figurky.cz\/index.php\/jaroslav-brychta\/","url":"https:\/\/www.brychta-figurky.cz\/index.php\/jaroslav-brychta\/","name":"Jaroslav Brychta - Jaroslav Brychta, sklen\u011bn\u00e9 figurky","isPartOf":{"@id":"https:\/\/www.brychta-figurky.cz\/#website"},"datePublished":"2025-01-16T11:58:02+00:00","dateModified":"2025-03-17T12:52:59+00:00","breadcrumb":{"@id":"https:\/\/www.brychta-figurky.cz\/index.php\/jaroslav-brychta\/#breadcrumb"},"inLanguage":"cs","potentialAction":[{"@type":"ReadAction","target":["https:\/\/www.brychta-figurky.cz\/index.php\/jaroslav-brychta\/"]}]},{"@type":"BreadcrumbList","@id":"https:\/\/www.brychta-figurky.cz\/index.php\/jaroslav-brychta\/#breadcrumb","itemListElement":[{"@type":"ListItem","position":1,"name":"Dom\u016f","item":"https:\/\/www.brychta-figurky.cz\/"},{"@type":"ListItem","position":2,"name":"Jaroslav Brychta"}]},{"@type":"WebSite","@id":"https:\/\/www.brychta-figurky.cz\/#website","url":"https:\/\/www.brychta-figurky.cz\/","name":"Jaroslav Brychta sklen\u011bn\u00e9 figurky","description":"Jaroslav Brychta, sklen\u011bn\u00e9 figurky","publisher":{"@id":"https:\/\/www.brychta-figurky.cz\/#\/schema\/person\/b05b0d702c6b230b84e40bb33f4a6745"},"alternateName":"Jaroslav Brychta, sklen\u011bn\u00e9 figurky","potentialAction":[{"@type":"SearchAction","target":{"@type":"EntryPoint","urlTemplate":"https:\/\/www.brychta-figurky.cz\/?s={search_term_string}"},"query-input":{"@type":"PropertyValueSpecification","valueRequired":true,"valueName":"search_term_string"}}],"inLanguage":"cs"},{"@type":["Person","Organization"],"@id":"https:\/\/www.brychta-figurky.cz\/#\/schema\/person\/b05b0d702c6b230b84e40bb33f4a6745","name":"ameriko","image":{"@type":"ImageObject","inLanguage":"cs","@id":"https:\/\/www.brychta-figurky.cz\/#\/schema\/person\/image\/","url":"https:\/\/www.brychta-figurky.cz\/wp-content\/uploads\/2024\/12\/IMG_2916-ve-velke-velikosti-1.jpeg","contentUrl":"https:\/\/www.brychta-figurky.cz\/wp-content\/uploads\/2024\/12\/IMG_2916-ve-velke-velikosti-1.jpeg","width":1280,"height":960,"caption":"ameriko"},"logo":{"@id":"https:\/\/www.brychta-figurky.cz\/#\/schema\/person\/image\/"},"sameAs":["https:\/\/www.brychta-figurky.cz"]}]}},"_links":{"self":[{"href":"https:\/\/www.brychta-figurky.cz\/index.php\/wp-json\/wp\/v2\/pages\/222","targetHints":{"allow":["GET"]}}],"collection":[{"href":"https:\/\/www.brychta-figurky.cz\/index.php\/wp-json\/wp\/v2\/pages"}],"about":[{"href":"https:\/\/www.brychta-figurky.cz\/index.php\/wp-json\/wp\/v2\/types\/page"}],"author":[{"embeddable":true,"href":"https:\/\/www.brychta-figurky.cz\/index.php\/wp-json\/wp\/v2\/users\/1"}],"replies":[{"embeddable":true,"href":"https:\/\/www.brychta-figurky.cz\/index.php\/wp-json\/wp\/v2\/comments?post=222"}],"version-history":[{"count":0,"href":"https:\/\/www.brychta-figurky.cz\/index.php\/wp-json\/wp\/v2\/pages\/222\/revisions"}],"wp:attachment":[{"href":"https:\/\/www.brychta-figurky.cz\/index.php\/wp-json\/wp\/v2\/media?parent=222"}],"curies":[{"name":"wp","href":"https:\/\/api.w.org\/{rel}","templated":true}]}}